{"id":53,"date":"2016-11-22T08:33:29","date_gmt":"2016-11-22T07:33:29","guid":{"rendered":"http:\/\/www.thomas-dieterich.de\/A_Wordpress\/?page_id=53"},"modified":"2026-03-05T12:07:39","modified_gmt":"2026-03-05T11:07:39","slug":"essen-und-trinken","status":"publish","type":"page","link":"https:\/\/mostkrug.de\/A_Wordpress\/essen-und-trinken\/","title":{"rendered":"Essen und Trinken"},"content":{"rendered":"<p><strong>Die Sommerspeisekarte ab Juni 2026 wird bis Ende M\u00e4rz 26 fertig sein<\/strong><\/p>\n<p>W\u00e4hrend den \u00d6ffnungszeiten bieten wir Ihnen <strong>durchgehend warme Speisen.<\/strong><br \/>\nVon Freitag und Samstag 18 bis 21 Uhr, ab 21 Uhr kleinere Gerichte (ge\u00f6ffnet bis ca. 23 Uhr).<br \/>\nSonntag 12 bis 18 Uhr (ge\u00f6ffnet bis 19 Uhr).<\/p>\n<div class=\"su-row\">\n<div class=\"su-column su-column-size-1-2\"><div class=\"su-column-inner su-u-clearfix su-u-trim\">\n<strong>Speisen<\/strong><br \/>\nUnsere reichhaltige Speisekarte spannt den Bogen von kleinen K\u00f6stlichkeiten bis zu feinen schw\u00e4bischen Spezialit\u00e4ten und auch besonderen Schmankerln.<\/p>\n<p><strong>NEU! Schwapas, Schw\u00e4bische Tapas, von \u00e4llem a bissle, schauen sie die Speisekarte an \ud83d\ude42<\/strong><\/p>\n<p>Auch vegetarische und vegane Speisen haben wir im Mostkrug. Sie k\u00f6nnen jegliche Speisen und Beilagen bei uns kombinieren.<\/p>\n<p><a href=\"https:\/\/mostkrug.de\/A_Wordpress\/wp-content\/uploads\/2021\/06\/GetraenkeundSpeisekarten-2.pdf\" target=\"_blank\" rel=\"noopener\">Speise- und Getr\u00e4nkekarte (auch vegetarisch und vegan)<\/a><\/p>\n<h4><\/div><\/div><\/h4>\n<div class=\"su-column su-column-size-1-2\"><div class=\"su-column-inner su-u-clearfix su-u-trim\">\n<strong>Getr\u00e4nke<\/strong><br \/>\nBis zu 10 Sorten besten schw\u00e4bischen Mostes aus Obst von unseren naturbelassenen Streuobstwiesen lagern f\u00fcr Sie im Gew\u00f6lbekeller.<\/p>\n<p>Auch <strong>Qualit\u00e4tsweine<\/strong> aus unserer Gegend, sowie <strong>Bier<\/strong>, Saft, Mineralwasser, Kaffeevariationen\u2026 runden das Getr\u00e4nkeangebot ab.<\/p>\n<p><a href=\"https:\/\/mostkrug.de\/A_Wordpress\/wp-content\/uploads\/2021\/06\/GetraenkeundSpeisekarten-2.pdf\" target=\"_blank\" rel=\"noopener\">Speise- und Getr\u00e4nkekarte (auch vegetarisch und vegan)<\/a><\/p>\n<\/div><\/div>\n<\/div>\n<div class=\"su-row\">\n<div class=\"su-column su-column-size-1-2\"><div class=\"su-column-inner su-u-clearfix su-u-trim\">\n<\/div><\/div>\n<div class=\"su-column su-column-size-1-2\"><div class=\"su-column-inner su-u-clearfix su-u-trim\">\n<strong>Feiern im Mostkrug<\/strong><br \/>\nFirmenessen, Geburtstagsfeiern, Taufe, Konfirmation, Kommunion, Jubil\u00e4en, Mostproben im Gew\u00f6lbekeller sind im Mostkrug etwas ganz Besonderes.<br \/>\nOb \u00e0 la carte Speisen oder ein individuelles Men\u00fc, gerne planen wir zusammen mit Ihnen einen unvergesslichen Tag im Mostkrug auf der Schw\u00e4bischen Alb. Zur Unterhaltung vermitteln wir auch Musiker oder Geschichtenerz\u00e4hler.<br \/>\n<a href=\"http:\/\/mostkrug.de\/A_Wordpress\/Veranstaltungen\" target=\"_blank\" rel=\"noopener noreferrer\"><strong>Hier ein paar Fotos von Veranstaltungen.<\/strong><\/a><br \/>\n<\/div><\/div>\n<\/div>\n<p><strong>Zus\u00e4tzlich Speise- und Getr\u00e4nkekarten in 12 Sprachen:<\/strong><br \/>\nenglisch, franz\u00f6sisch, italienisch, spanisch, tschechisch, polnisch, russisch, finnisch, ungarisch, chinesisch, serbokroatisch und holl\u00e4ndisch.<\/p>\n<p><a href=\"https:\/\/mostkrug.de\/A_Wordpress\/wp-content\/uploads\/2018\/11\/2018-Zum-Mostkrug-Karte_version2_Vereinfacht_CHI_CHINA.pdf\" target=\"_blank\" rel=\"noopener noreferrer\">&#8222;Chinesisch Vereinfacht&#8220; Speise- und Getr\u00e4nkekarte, vielen Dank an Decem Poon<\/a><\/p>\n<p><a href=\"https:\/\/mostkrug.de\/A_Wordpress\/wp-content\/uploads\/2018\/11\/2018-Zum-Mostkrug-Karte_version1_Traditional_CHI_HK_TW.pdf\" target=\"_blank\" rel=\"noopener noreferrer\">&#8222;ChinesischTraditional&#8220; Speise- und Getr\u00e4nkekarte, vielen Dank an Decem Poon<\/a><\/p>\n<p><a href=\"https:\/\/mostkrug.de\/A_Wordpress\/wp-content\/uploads\/2018\/11\/Russisch-Speise-und-Getr\u00e4nke2018.pdf\">Russisch Speise- und Getr\u00e4nke2018<\/a><\/p>\n<p><a href=\"http:\/\/www.thomas-dieterich.de\/A_Wordpress\/wp-content\/uploads\/2016\/11\/Polnische.pdf\">Polnische Speise- und Getr\u00e4nkekarte<\/a><\/p>\n<p>&nbsp;<\/p>\n","protected":false},"excerpt":{"rendered":"<p>Die Sommerspeisekarte ab Juni 2026 wird bis Ende M\u00e4rz 26 fertig sein W\u00e4hrend den \u00d6ffnungszeiten bieten wir Ihnen durchgehend warme Speisen. Von Freitag und Samstag 18 bis 21 Uhr, ab 21 Uhr kleinere Gerichte (ge\u00f6ffnet bis ca. 23 Uhr). Sonntag<\/p>\n","protected":false},"author":1,"featured_media":0,"parent":0,"menu_order":0,"comment_status":"closed","ping_status":"closed","template":"","meta":{"ngg_post_thumbnail":0},"jetpack_sharing_enabled":true,"jetpack_shortlink":"https:\/\/wp.me\/P88xua-R","_links":{"self":[{"href":"https:\/\/mostkrug.de\/A_Wordpress\/wp-json\/wp\/v2\/pages\/53"}],"collection":[{"href":"https:\/\/mostkrug.de\/A_Wordpress\/wp-json\/wp\/v2\/pages"}],"about":[{"href":"https:\/\/mostkrug.de\/A_Wordpress\/wp-json\/wp\/v2\/types\/page"}],"author":[{"embeddable":true,"href":"https:\/\/mostkrug.de\/A_Wordpress\/wp-json\/wp\/v2\/users\/1"}],"replies":[{"embeddable":true,"href":"https:\/\/mostkrug.de\/A_Wordpress\/wp-json\/wp\/v2\/comments?post=53"}],"version-history":[{"count":16,"href":"https:\/\/mostkrug.de\/A_Wordpress\/wp-json\/wp\/v2\/pages\/53\/revisions"}],"predecessor-version":[{"id":82910,"href":"https:\/\/mostkrug.de\/A_Wordpress\/wp-json\/wp\/v2\/pages\/53\/revisions\/82910"}],"wp:attachment":[{"href":"https:\/\/mostkrug.de\/A_Wordpress\/wp-json\/wp\/v2\/media?parent=53"}],"curies":[{"name":"wp","href":"https:\/\/api.w.org\/{rel}","templated":true}]}}